{"id":72,"date":"2011-12-22T11:09:43","date_gmt":"2011-12-22T11:09:43","guid":{"rendered":"https:\/\/modul1flensburg.eu\/?page_id=72"},"modified":"2024-06-26T15:21:38","modified_gmt":"2024-06-26T15:21:38","slug":"uber-das-modul1","status":"publish","type":"page","link":"https:\/\/modul1flensburg.eu\/?page_id=72","title":{"rendered":"Galerie- und Begegnungsraum"},"content":{"rendered":"<h3><span style=\"color: #993300;\">Das MODUL1 \u2013 Galerie- und Begegnungsraum der Europa-Universit\u00e4t Flensburg in der historischen Roten Stra\u00dfe&nbsp;<\/span><\/h3>\n<p>Ausstellungen, Seminare und Vortr\u00e4ge \u2013 das<strong> &#8222;MODUL 1<\/strong>\u201c&nbsp;bietet Raum f\u00fcr verschiedene Aktivit\u00e4ten der Flensburger Hochschulen.&nbsp;Die entstehenden Arbeiten sollen hier auch f\u00fcr das Publikum in der Innenstadt Flensburgs sichtbar werden und einen neuen k\u00fcnstlerisch-gestalterischen Schwerpunkt in der Roten Stra\u00dfe bilden.&nbsp;Das MODUL1 steht u.a. Studierenden zur Verf\u00fcgung um dort k\u00fcnstlerische und auch wissenschaftliche Projekte durchzuf\u00fchren. Ebenso sind extern initiierte Projekte m\u00f6glich, sofern sie einen Bezug zur Europa-Universit\u00e4t Flensburg aufzeigen und Raumkapazit\u00e4ten frei sind.<br><span style=\"color: #008080;\">Zust\u00e4ndig f\u00fcr das MODUL1 ist die &nbsp;Abteilung Kunst &amp; visuelle Medien der Europa-Universit\u00e4t Flensburg &nbsp;(<strong><em>Prof. Dr. K\u00e4the Wenzel<\/em><\/strong>). Die Porjektkoordination liegt derzeit bei <strong><em>Werner F\u00fctterer<\/em><\/strong>.<\/span><br>Wenn Sie regelm\u00e4\u00dfig Ausstellungseinladungen und Informationen zum MODUL1 erhalten m\u00f6chten, schicken Sie bitte eine E-Mail mit dem Stichwort &#8222;Einladungen MODUL1&#8220; an <a href=\"mailto:modul1@uni-flensburg.de\">modul1@uni-flensburg.de<\/a>. Sie k\u00f6nnen diesen Service jederzeit wieder abbestellen.<\/p>\n<p><a href=\"https:\/\/modul1flensburg.eu\/wp-content\/uploads\/2011\/12\/Unbenannt-1.jpg\"><img decoding=\"async\" loading=\"lazy\" class=\"alignleft\" src=\"https:\/\/modul1flensburg.eu\/wp-content\/uploads\/2011\/12\/Unbenannt-1-1024x725.jpg\" alt=\"Unbenannt-1\" width=\"314\" height=\"222\"><\/a><\/p>\n<p><a href=\"https:\/\/modul1flensburg.eu\/wp-content\/uploads\/2011\/11\/Schaufenster.jpg\"><img decoding=\"async\" loading=\"lazy\" class=\"alignleft  wp-image-11\" src=\"https:\/\/modul1flensburg.eu\/wp-content\/uploads\/2011\/11\/Schaufenster.jpg\" alt=\"Schaufenster\" width=\"283\" height=\"200\" srcset=\"https:\/\/modul1flensburg.eu\/wp-content\/uploads\/2011\/11\/Schaufenster.jpg 946w, https:\/\/modul1flensburg.eu\/wp-content\/uploads\/2011\/11\/Schaufenster-300x212.jpg 300w\" sizes=\"(max-width: 283px) 100vw, 283px\" \/><\/a><\/p>\n<p><a href=\"https:\/\/modul1flensburg.eu\/wp-content\/uploads\/2011\/12\/csm_modul-1-in-der-roten-strasse_6f05bc399c.jpg\"><img decoding=\"async\" loading=\"lazy\" class=\"wp-image-2366 alignnone\" src=\"https:\/\/modul1flensburg.eu\/wp-content\/uploads\/2011\/12\/csm_modul-1-in-der-roten-strasse_6f05bc399c.jpg\" alt=\"csm_modul-1-in-der-roten-strasse_6f05bc399c\" width=\"250\" height=\"313\" srcset=\"https:\/\/modul1flensburg.eu\/wp-content\/uploads\/2011\/12\/csm_modul-1-in-der-roten-strasse_6f05bc399c.jpg 480w, https:\/\/modul1flensburg.eu\/wp-content\/uploads\/2011\/12\/csm_modul-1-in-der-roten-strasse_6f05bc399c-239x300.jpg 239w\" sizes=\"(max-width: 250px) 100vw, 250px\" \/><\/a><\/p>\n<p><a href=\"https:\/\/modul1flensburg.eu\/wp-content\/uploads\/2011\/12\/Logo_2021_1.jpg\"><img decoding=\"async\" loading=\"lazy\" class=\"alignright\" src=\"https:\/\/modul1flensburg.eu\/wp-content\/uploads\/2011\/12\/Logo_2021_1.jpg\" alt=\"Logo_2021_1\" width=\"107\" height=\"122\"><\/a><\/p>\n\n\n<p><\/p>\n\n\n\n<p><\/p>\n\n\n\n<figure class=\"is-layout-flex wp-block-gallery-1 wp-block-gallery has-nested-images columns-default is-cropped has-vivid-green-cyan-background-color has-background\">\n<figure class=\"wp-block-image size-full\"><a href=\"https:\/\/modul1flensburg.eu\/wp-content\/uploads\/2023\/12\/Beeke-5-scaled.jpg\"><img decoding=\"async\" loading=\"lazy\" width=\"1816\" height=\"2560\" data-id=\"3200\"  src=\"https:\/\/modul1flensburg.eu\/wp-content\/uploads\/2023\/12\/Beeke-5-scaled.jpg\" alt=\"\" class=\"wp-image-3200\" srcset=\"https:\/\/modul1flensburg.eu\/wp-content\/uploads\/2023\/12\/Beeke-5-scaled.jpg 1816w, https:\/\/modul1flensburg.eu\/wp-content\/uploads\/2023\/12\/Beeke-5-213x300.jpg 213w, https:\/\/modul1flensburg.eu\/wp-content\/uploads\/2023\/12\/Beeke-5-726x1024.jpg 726w, https:\/\/modul1flensburg.eu\/wp-content\/uploads\/2023\/12\/Beeke-5-768x1083.jpg 768w, https:\/\/modul1flensburg.eu\/wp-content\/uploads\/2023\/12\/Beeke-5-1090x1536.jpg 1090w, https:\/\/modul1flensburg.eu\/wp-content\/uploads\/2023\/12\/Beeke-5-1453x2048.jpg 1453w\" sizes=\"(max-width: 1816px) 100vw, 1816px\" \/><\/a><\/figure>\n\n\n\n<figure class=\"wp-block-image size-full\"><a href=\"https:\/\/modul1flensburg.eu\/wp-content\/uploads\/2023\/12\/Rieke-3-scaled.jpg\"><img decoding=\"async\" loading=\"lazy\" width=\"1816\" height=\"2560\" data-id=\"3199\"  src=\"https:\/\/modul1flensburg.eu\/wp-content\/uploads\/2023\/12\/Rieke-3-scaled.jpg\" alt=\"\" class=\"wp-image-3199\" srcset=\"https:\/\/modul1flensburg.eu\/wp-content\/uploads\/2023\/12\/Rieke-3-scaled.jpg 1816w, https:\/\/modul1flensburg.eu\/wp-content\/uploads\/2023\/12\/Rieke-3-213x300.jpg 213w, https:\/\/modul1flensburg.eu\/wp-content\/uploads\/2023\/12\/Rieke-3-726x1024.jpg 726w, https:\/\/modul1flensburg.eu\/wp-content\/uploads\/2023\/12\/Rieke-3-768x1083.jpg 768w, https:\/\/modul1flensburg.eu\/wp-content\/uploads\/2023\/12\/Rieke-3-1090x1536.jpg 1090w, https:\/\/modul1flensburg.eu\/wp-content\/uploads\/2023\/12\/Rieke-3-1453x2048.jpg 1453w\" sizes=\"(max-width: 1816px) 100vw, 1816px\" \/><\/a><\/figure>\n\n\n\n<figure class=\"wp-block-image size-full\"><a href=\"https:\/\/modul1flensburg.eu\/wp-content\/uploads\/2023\/12\/Medea-3-scaled.jpg\"><img decoding=\"async\" loading=\"lazy\" width=\"1929\" height=\"2560\" data-id=\"3198\"  src=\"https:\/\/modul1flensburg.eu\/wp-content\/uploads\/2023\/12\/Medea-3-scaled.jpg\" alt=\"\" class=\"wp-image-3198\" srcset=\"https:\/\/modul1flensburg.eu\/wp-content\/uploads\/2023\/12\/Medea-3-scaled.jpg 1929w, https:\/\/modul1flensburg.eu\/wp-content\/uploads\/2023\/12\/Medea-3-226x300.jpg 226w, https:\/\/modul1flensburg.eu\/wp-content\/uploads\/2023\/12\/Medea-3-771x1024.jpg 771w, https:\/\/modul1flensburg.eu\/wp-content\/uploads\/2023\/12\/Medea-3-768x1019.jpg 768w, https:\/\/modul1flensburg.eu\/wp-content\/uploads\/2023\/12\/Medea-3-1157x1536.jpg 1157w, https:\/\/modul1flensburg.eu\/wp-content\/uploads\/2023\/12\/Medea-3-1543x2048.jpg 1543w\" sizes=\"(max-width: 1929px) 100vw, 1929px\" \/><\/a><\/figure>\n<figcaption class=\"blocks-gallery-caption wp-element-caption\"><strong>Aussagen von Studierenden zur Bedeutung des MODUL1<\/strong><\/figcaption><\/figure>\n","protected":false},"excerpt":{"rendered":"<p>Das MODUL1 \u2013 Galerie- und Begegnungsraum der Europa-Universit\u00e4t Flensburg in der historischen Roten Stra\u00dfe&nbsp; Ausstellungen, Seminare und Vortr\u00e4ge \u2013 das &#8222;MODUL 1\u201c&nbsp;bietet Raum f\u00fcr verschiedene Aktivit\u00e4ten der Flensburger Hochschulen.&nbsp;Die entstehenden Arbeiten sollen hier auch f\u00fcr das Publikum in der Innenstadt Flensburgs sichtbar werden und einen neuen k\u00fcnstlerisch-gestalterischen Schwerpunkt in der Roten Stra\u00dfe bilden.&nbsp;Das MODUL1 steht [&hellip;]<\/p>\n","protected":false},"author":2,"featured_media":0,"parent":0,"menu_order":1,"comment_status":"closed","ping_status":"open","template":"","meta":[],"_links":{"self":[{"href":"https:\/\/modul1flensburg.eu\/index.php?rest_route=\/wp\/v2\/pages\/72"}],"collection":[{"href":"https:\/\/modul1flensburg.eu\/index.php?rest_route=\/wp\/v2\/pages"}],"about":[{"href":"https:\/\/modul1flensburg.eu\/index.php?rest_route=\/wp\/v2\/types\/page"}],"author":[{"embeddable":true,"href":"https:\/\/modul1flensburg.eu\/index.php?rest_route=\/wp\/v2\/users\/2"}],"replies":[{"embeddable":true,"href":"https:\/\/modul1flensburg.eu\/index.php?rest_route=%2Fwp%2Fv2%2Fcomments&post=72"}],"version-history":[{"count":44,"href":"https:\/\/modul1flensburg.eu\/index.php?rest_route=\/wp\/v2\/pages\/72\/revisions"}],"predecessor-version":[{"id":3315,"href":"https:\/\/modul1flensburg.eu\/index.php?rest_route=\/wp\/v2\/pages\/72\/revisions\/3315"}],"wp:attachment":[{"href":"https:\/\/modul1flensburg.eu\/index.php?rest_route=%2Fwp%2Fv2%2Fmedia&parent=72"}],"curies":[{"name":"wp","href":"https:\/\/api.w.org\/{rel}","templated":true}]}}