{"id":75,"date":"2011-12-22T11:10:51","date_gmt":"2011-12-22T11:10:51","guid":{"rendered":"https:\/\/modul1flensburg.eu\/?page_id=75"},"modified":"2021-06-04T10:53:45","modified_gmt":"2021-06-04T10:53:45","slug":"freiraum-%e2%80%93-ausstellen-im-modul-1","status":"publish","type":"page","link":"https:\/\/modul1flensburg.eu\/?page_id=75","title":{"rendered":"Freiraum \u2013 Arbeitsraumstipendium"},"content":{"rendered":"<p><b><span style=\"text-decoration: underline;\">DAS MODUL1. | Galerie- und Begegnungsraum der Europa-Universit\u00e4t Flensburg | Abt. Kunst&amp;visuelle Medien<\/span><\/b><\/p>\n<p>Wir stellen Studierenden im Semester und bevorzugt in den Semesterferien f\u00fcr eine Woche das MODUL1 in der Roten Stra\u00dfe zur Verf\u00fcgung, um dort k\u00fcnstlerische und wissenschaftliche Projekte durchzuf\u00fchren. Beispielsweise k\u00f6nnte sich anbieten, ein Projekt mit Bezug zum Stadtraum Flensburgs zu realisieren. Andere Interessenten sind f\u00fcr Kooperationen willkommen, m\u00fcssen aber mit ihrem Projekt einen Zusammenhang mit der Europa-Universit\u00e4t Flensburg aufweisen. \u00a0 \u00a0 \u00a0 \u00a0 \u00a0 \u00a0 \u00a0 \u00a0 \u00a0 \u00a0 \u00a0 \u00a0 \u00a0 \u00a0 \u00a0 \u00a0 \u00a0 \u00a0 \u00a0 \u00a0 \u00a0 \u00a0 \u00a0 \u00a0 \u00a0 \u00a0 \u00a0 \u00a0 \u00a0 \u00a0 \u00a0 \u00a0 \u00a0 \u00a0 \u00a0 \u00a0 \u00a0 \u00a0 \u00a0 \u00a0 \u00a0 \u00a0 \u00a0 \u00a0 \u00a0 \u00a0 \u00a0 \u00a0 \u00a0 \u00a0 \u00a0 \u00a0 \u00a0 \u00a0 \u00a0 \u00a0 \u00a0 \u00a0 \u00a0 \u00a0 \u00a0 \u00a0 \u00a0 \u00a0 \u00a0 \u00a0 \u00a0 \u00a0 \u00a0 \u00a0 \u00a0 \u00a0 \u00a0 \u00a0 \u00a0 \u00a0\u00a0<b><\/b><\/p>\n<p><span style=\"text-decoration: underline;\">\u2028<\/span><span style=\"text-decoration: underline;\">Wir bieten:<\/span><b><\/b><\/p>\n<ul>\n<li>30 qm Raum mit WC<\/li>\n<li>Freie Wandfl\u00e4chen, H\u00e4ngesystem und Arbeitstische<\/li>\n<li>Kostenloser WLAN-Zugang<\/li>\n<li>Beratung Werbung \/ PR<\/li>\n<\/ul>\n<p><span style=\"text-decoration: underline;\">\u2028<\/span><span style=\"text-decoration: underline;\">Unsere Bedingungen:<\/span><\/p>\n<ul>\n<li>Das MODUL1 muss w\u00e4hrend der Arbeitszeit\/Ausstellungszeit f\u00fcr Besuchende ge\u00f6ffnet sein &#8211; die Arbeit findet also \u00f6ffentlich statt.<\/li>\n<li>Am Ende der Woche\/des Arbeitszeitraums erfolgt m\u00f6glichst eine Pr\u00e4sentation des Erarbeiteten.<\/li>\n<li>Das MODUL1 soll sauber hinterlassen bzw. wieder in den urspr\u00fcnglichen Zustand versetzt werden, ansonsten m\u00fcssen Reinigungskosten in Rechnung gestellt werden.<\/li>\n<li>Wir stellen lediglich den Raum zur Verf\u00fcgung, es gibt leider keine finanzielle Unterst\u00fctzung<\/li>\n<li>Die EUF \u00fcbernimmt keine Haftung f\u00fcr evt. eintretende Sch\u00e4den. Hier wird Eigeninitiative angeraten.<\/li>\n<li>*Update Corona: Es gelten bei Ausstellungen unserer Studierenden die Hygienevorschriften der EUF, basierend auf den jeweiligen Landesvorordnungen.<\/li>\n<li>Mit uns Kooperierende sind f\u00fcr ein eigenes Hygienekonzept zust\u00e4ndig.<\/li>\n<\/ul>\n<p>&nbsp;<\/p>\n<p><span style=\"text-decoration: underline;\">Ihre Bewerbung:<\/span><\/p>\n<p>Bitte erl\u00e4utern Sie Ihr Vorhaben auf etwa einer DIN-A-4-Seite und f\u00fcgen Sie 3-4 Arbeitsproben (Fotos, Skizzen, Materialproben, etc.) bei. Auch Terminw\u00fcnsche k\u00f6nnen Sie hier angeben.<\/p>\n<p>Das Leitungsteam des MODUL1 entscheidet \u00fcber die Vergabe.<\/p>\n<p>Bewerbungen bitte an:<\/p>\n<p><a href=\"mailto:werner.fuetterer@uni-flensburg.de\">Werner F\u00fctterer\u00a0<\/a><\/p>\n<p>&nbsp;<\/p>\n<p><a href=\"https:\/\/modul1flensburg.eu\/wp-content\/uploads\/2011\/12\/Logo_2021_1.jpg\"><img decoding=\"async\" loading=\"lazy\" class=\"alignleft  wp-image-2367\" alt=\"Logo_2021_1\" src=\"https:\/\/modul1flensburg.eu\/wp-content\/uploads\/2011\/12\/Logo_2021_1.jpg\" width=\"143\" height=\"163\" srcset=\"https:\/\/modul1flensburg.eu\/wp-content\/uploads\/2011\/12\/Logo_2021_1.jpg 827w, https:\/\/modul1flensburg.eu\/wp-content\/uploads\/2011\/12\/Logo_2021_1-262x300.jpg 262w\" sizes=\"(max-width: 143px) 100vw, 143px\" \/><\/a><\/p>\n<p>&nbsp;<\/p>\n<p>&nbsp;<\/p>\n","protected":false},"excerpt":{"rendered":"<p>DAS MODUL1. | Galerie- und Begegnungsraum der Europa-Universit\u00e4t Flensburg | Abt. Kunst&amp;visuelle Medien Wir stellen Studierenden im Semester und bevorzugt in den Semesterferien f\u00fcr eine Woche das MODUL1 in der Roten Stra\u00dfe zur Verf\u00fcgung, um dort k\u00fcnstlerische und wissenschaftliche Projekte durchzuf\u00fchren. Beispielsweise k\u00f6nnte sich anbieten, ein Projekt mit Bezug zum Stadtraum Flensburgs zu realisieren. Andere [&hellip;]<\/p>\n","protected":false},"author":2,"featured_media":0,"parent":0,"menu_order":2,"comment_status":"closed","ping_status":"open","template":"","meta":[],"_links":{"self":[{"href":"https:\/\/modul1flensburg.eu\/index.php?rest_route=\/wp\/v2\/pages\/75"}],"collection":[{"href":"https:\/\/modul1flensburg.eu\/index.php?rest_route=\/wp\/v2\/pages"}],"about":[{"href":"https:\/\/modul1flensburg.eu\/index.php?rest_route=\/wp\/v2\/types\/page"}],"author":[{"embeddable":true,"href":"https:\/\/modul1flensburg.eu\/index.php?rest_route=\/wp\/v2\/users\/2"}],"replies":[{"embeddable":true,"href":"https:\/\/modul1flensburg.eu\/index.php?rest_route=%2Fwp%2Fv2%2Fcomments&post=75"}],"version-history":[{"count":15,"href":"https:\/\/modul1flensburg.eu\/index.php?rest_route=\/wp\/v2\/pages\/75\/revisions"}],"predecessor-version":[{"id":118,"href":"https:\/\/modul1flensburg.eu\/index.php?rest_route=\/wp\/v2\/pages\/75\/revisions\/118"}],"wp:attachment":[{"href":"https:\/\/modul1flensburg.eu\/index.php?rest_route=%2Fwp%2Fv2%2Fmedia&parent=75"}],"curies":[{"name":"wp","href":"https:\/\/api.w.org\/{rel}","templated":true}]}}